{"id":1787,"date":"2021-06-24T09:16:00","date_gmt":"2021-06-24T08:16:00","guid":{"rendered":"https:\/\/wissenunderfolg.de\/?post_type=mec-events&#038;p=1787"},"modified":"2022-03-08T13:49:12","modified_gmt":"2022-03-08T12:49:12","slug":"faktor-koerpersprache-fuehrung","status":"publish","type":"mec-events","link":"https:\/\/wissenunderfolg.de\/index.php\/events\/faktor-koerpersprache-fuehrung\/","title":{"rendered":"Faktor K\u00f6rpersprache &#8211; F\u00fchrung und Unternehmens-Kommunikation authentisch, pers\u00f6nlich und wirkungsvoll gestalten"},"content":{"rendered":"<p>F\u00fchrung ist abh\u00e4ngig von Person und Pers\u00f6nlichkeit und so auch ihre Wirkung, doch wird sie dabei ma\u00dfgeblich dadurch beeinfluss, was K\u00f6rpersprache und Auftreten einer Person bei kommunizieren. Wenn es darum geht, die richtigen Signale an die jeweiligen Stakeholder zu senden, Ziele, und Unternehmens-Strategie wirkungsvoll zu (re-)pr\u00e4sentieren und eine tragf\u00e4hige Kommunikations-Kultur im Unternehmen zu schaffen und vorzuleben, so f\u00fchrt kein Weg am Faktor K\u00f6rpersprache vorbei. Dieses Seminar richtet sich an F\u00fchrungskr\u00e4fte und in die Unternehmensf\u00fchrung eingebundene Personen.<\/p>\n<p><strong>Seminarziel<\/strong><\/p>\n<p>Ziel ist, die Wirkung der K\u00f6rpersprache im Kontext von F\u00fchrung und Unternehmens-Repr\u00e4sentanz zu verstehen, Wirkfaktoren zu erkennen, sowie den Blick f\u00fcr die eigene Wirkung in der nonverbalen Kommunikation zu sch\u00e4rfen, diese zu reflektieren und zu verst\u00e4rken, um die Kommunikation in F\u00fchrung und Stakeholder-Interaktion zu verbessern.<\/p>\n<p>&nbsp;<\/p>\n<p><strong>Learnings<\/strong><\/p>\n<ul>\n<li>Die Wirkung der K\u00f6rpersprache und nonverbalen Kommunikation mit Blick auf den Business Alltag verstehen und aktiv erkennen<\/li>\n<li>die eine K\u00f6rpersprache und Wirkung reflektieren sowie Faktoren f\u00fcr authentische und zugleich wirkungsvolle Kommunikation in F\u00fchrung und Repr\u00e4sentanz erkennen und<\/li>\n<li>diese in die eigene Kommunikation integrieren.<\/li>\n<\/ul>\n<p>&nbsp;<\/p>\n<p><strong>Dozent<\/strong><\/p>\n<p>Arvid Nienhaus<\/p>\n<p><strong>Methode:<\/strong><br \/>\nInput zu den Inhalten, Interaktive Formate zwischen den Teilnehmern, Formate zur pers\u00f6nlichen Reflektion und Fokussierung, Gruppendynamische Formate.<\/p>\n<p><strong>Dauer:<\/strong><br \/>\n2 Tage<br \/>\nFreitag 13.00 Uhr \u2013 17.00 Uhr<br \/>\nSamstag 10.00 Uhr \u2013 17.00 Uhr<\/p>\n<p><strong>Teilnehmer*innen:<\/strong><br \/>\n3 \u2013 7 Personen<\/p>\n","protected":false},"excerpt":{"rendered":"<p>F\u00fchrung ist abh\u00e4ngig von Person und Pers\u00f6nlichkeit und so auch ihre Wirkung, doch wird sie dabei ma\u00dfgeblich dadurch beeinfluss, was K\u00f6rpersprache und Auftreten einer Person bei kommunizieren. Wenn es darum geht, die richtigen Signale an die jeweiligen Stakeholder zu senden, Ziele, und Unternehmens-Strategie wirkungsvoll zu (re-)pr\u00e4sentieren und eine tragf\u00e4hige Kommunikations-Kultur im Unternehmen zu schaffen und &hellip;<\/p>\n<p class=\"read-more\"> <a class=\"\" href=\"https:\/\/wissenunderfolg.de\/index.php\/events\/faktor-koerpersprache-fuehrung\/\"> <span class=\"screen-reader-text\">Faktor K\u00f6rpersprache &#8211; F\u00fchrung und Unternehmens-Kommunikation authentisch, pers\u00f6nlich und wirkungsvoll gestalten<\/span> Weiterlesen &raquo;<\/a><\/p>\n","protected":false},"author":2,"featured_media":1790,"comment_status":"closed","ping_status":"closed","template":"","tags":[],"mec_category":[5],"_links":{"self":[{"href":"https:\/\/wissenunderfolg.de\/index.php\/wp-json\/wp\/v2\/mec-events\/1787"}],"collection":[{"href":"https:\/\/wissenunderfolg.de\/index.php\/wp-json\/wp\/v2\/mec-events"}],"about":[{"href":"https:\/\/wissenunderfolg.de\/index.php\/wp-json\/wp\/v2\/types\/mec-events"}],"author":[{"embeddable":true,"href":"https:\/\/wissenunderfolg.de\/index.php\/wp-json\/wp\/v2\/users\/2"}],"replies":[{"embeddable":true,"href":"https:\/\/wissenunderfolg.de\/index.php\/wp-json\/wp\/v2\/comments?post=1787"}],"wp:featuredmedia":[{"embeddable":true,"href":"https:\/\/wissenunderfolg.de\/index.php\/wp-json\/wp\/v2\/media\/1790"}],"wp:attachment":[{"href":"https:\/\/wissenunderfolg.de\/index.php\/wp-json\/wp\/v2\/media?parent=1787"}],"wp:term":[{"taxonomy":"post_tag","embeddable":true,"href":"https:\/\/wissenunderfolg.de\/index.php\/wp-json\/wp\/v2\/tags?post=1787"},{"taxonomy":"mec_category","embeddable":true,"href":"https:\/\/wissenunderfolg.de\/index.php\/wp-json\/wp\/v2\/mec_category?post=1787"}],"curies":[{"name":"wp","href":"https:\/\/api.w.org\/{rel}","templated":true}]}}