{"id":1613,"date":"2021-03-30T19:53:40","date_gmt":"2021-03-30T18:53:40","guid":{"rendered":"https:\/\/wissenunderfolg.de\/?post_type=mec-events&#038;p=1613"},"modified":"2022-03-08T13:56:26","modified_gmt":"2022-03-08T12:56:26","slug":"ist-glueck-planbar","status":"publish","type":"mec-events","link":"https:\/\/wissenunderfolg.de\/index.php\/events\/ist-glueck-planbar\/","title":{"rendered":"Ist Gl\u00fcck planbar?"},"content":{"rendered":"<div class=\"wp-block-columns\">\n<div class=\"wp-block-column\">\n<p>Die meisten Menschen denken, wenn ich doch auch mal Gl\u00fcck h\u00e4tte, wann kommt das Gl\u00fcck zu mir? Ein gro\u00dfes St\u00fcck von dem, was wir Gl\u00fcck nennen, haben wir selbst in der Hand. Wir k\u00f6nnen unser eigenes Gl\u00fcck zun\u00e4chst definieren und dann anstreben.<\/p>\n<\/div>\n<\/div>\n<p><strong>Seminarziel:<\/strong><\/p>\n<p><strong>Learnings:<\/strong><\/p>\n<ul>\n<li>Gl\u00fcck pers\u00f6nlich definieren<\/li>\n<li>Meditation zur eigenen Mitte<\/li>\n<li>eine Gl\u00fccks-Landkarte entwickeln<\/li>\n<li>die eigene Verantwortung zum Gl\u00fcck \u00fcbernehmen<\/li>\n<li>10 Schritte zu Ihren pers\u00f6nlichen Zielen<\/li>\n<li>Hilfen und Handwerkszeuge sammeln<\/li>\n<li>Feedback sammeln<\/li>\n<li>konstruktive Kritik annehmen lernen<\/li>\n<li>Zeithorizont der Ver\u00e4nderungen<\/li>\n<\/ul>\n<p><strong>Dozent:<\/strong><br \/>\nUrsula Poll-S\u00f6derman<\/p>\n<p><strong>Methode:<\/strong><br \/>\nWorkshop, Praxisgruppen<br \/>\nBildung von Praxisgruppen zur Vertiefung der eigenen Erfahrungen, wenn gew\u00fcnscht im gemeinsamen Austausch; \u00dcbungen im Alltag, welche die Ver\u00e4nderung im Denken unterst\u00fctzen.<\/p>\n<p><strong>Dauer:<\/strong><br \/>\n6 Wochenenden<br \/>\nStart am 7. Mai 2022<\/p>\n<p><strong>Kosten:<\/strong><br \/>\n\u20ac 3.300,00<br \/>\n1 Wochenende\u00a0\u00a0 \u20ac\u00a0\u00a0\u00a0 550,00<\/p>\n<p><strong>Teilnehmer*innen:<\/strong><br \/>\n3 \u2013 7 Personen<\/p>\n","protected":false},"excerpt":{"rendered":"<p>Die meisten Menschen denken, wenn ich doch auch mal Gl\u00fcck h\u00e4tte, wann kommt das Gl\u00fcck zu mir? Ein gro\u00dfes St\u00fcck von dem, was wir Gl\u00fcck nennen, haben wir selbst in der Hand. Wir k\u00f6nnen unser eigenes Gl\u00fcck zun\u00e4chst definieren und dann anstreben. Seminarziel: Learnings: Gl\u00fcck pers\u00f6nlich definieren Meditation zur eigenen Mitte eine Gl\u00fccks-Landkarte entwickeln die &hellip;<\/p>\n<p class=\"read-more\"> <a class=\"\" href=\"https:\/\/wissenunderfolg.de\/index.php\/events\/ist-glueck-planbar\/\"> <span class=\"screen-reader-text\">Ist Gl\u00fcck planbar?<\/span> Weiterlesen &raquo;<\/a><\/p>\n","protected":false},"author":1,"featured_media":1614,"comment_status":"closed","ping_status":"closed","template":"","tags":[],"mec_category":[],"_links":{"self":[{"href":"https:\/\/wissenunderfolg.de\/index.php\/wp-json\/wp\/v2\/mec-events\/1613"}],"collection":[{"href":"https:\/\/wissenunderfolg.de\/index.php\/wp-json\/wp\/v2\/mec-events"}],"about":[{"href":"https:\/\/wissenunderfolg.de\/index.php\/wp-json\/wp\/v2\/types\/mec-events"}],"author":[{"embeddable":true,"href":"https:\/\/wissenunderfolg.de\/index.php\/wp-json\/wp\/v2\/users\/1"}],"replies":[{"embeddable":true,"href":"https:\/\/wissenunderfolg.de\/index.php\/wp-json\/wp\/v2\/comments?post=1613"}],"wp:featuredmedia":[{"embeddable":true,"href":"https:\/\/wissenunderfolg.de\/index.php\/wp-json\/wp\/v2\/media\/1614"}],"wp:attachment":[{"href":"https:\/\/wissenunderfolg.de\/index.php\/wp-json\/wp\/v2\/media?parent=1613"}],"wp:term":[{"taxonomy":"post_tag","embeddable":true,"href":"https:\/\/wissenunderfolg.de\/index.php\/wp-json\/wp\/v2\/tags?post=1613"},{"taxonomy":"mec_category","embeddable":true,"href":"https:\/\/wissenunderfolg.de\/index.php\/wp-json\/wp\/v2\/mec_category?post=1613"}],"curies":[{"name":"wp","href":"https:\/\/api.w.org\/{rel}","templated":true}]}}