{"id":1586,"date":"2021-03-30T19:36:40","date_gmt":"2021-03-30T18:36:40","guid":{"rendered":"https:\/\/wissenunderfolg.de\/?post_type=mec-events&#038;p=1586"},"modified":"2021-08-30T14:04:27","modified_gmt":"2021-08-30T13:04:27","slug":"herausforderungen-fuer-fuehrungskraefte-in-der-neuen-arbeitswelt","status":"publish","type":"mec-events","link":"https:\/\/wissenunderfolg.de\/index.php\/events\/herausforderungen-fuer-fuehrungskraefte-in-der-neuen-arbeitswelt\/","title":{"rendered":"Herausforderungen f\u00fcr F\u00fchrungskr\u00e4fte in der \u201eneuen Arbeitswelt\u201c"},"content":{"rendered":"<div class=\"wp-block-columns\">\n<div class=\"wp-block-column\">\n<p>Unsere Arbeitswelt befindet sich in einem radikalen Wandel: Der Fachkr\u00e4ftemangel, die Anspruchshaltung einer neuen Arbeitnehmergeneration, immer mehr Arbeit in Projekten, teilweise auch mit dezentralen Teams, die Digitalisierung pr\u00e4gen den Alltag in Unternehmen. All dies erfordert eine neue F\u00fchrungskultur, die wir aber auch als Chance begreifen m\u00fcssen.<\/p>\n<\/div>\n<\/div>\n<p><strong>Seminarziel:<\/strong><br \/>\nSie sind in Ihrer F\u00fchrungsposition gefestigt und gestalten die Zusammenarbeit im Team gezielt, sowie angepasst an die Herausforderungen der \u201eneuen Arbeitswelt\u201c.<\/p>\n<p><strong>Learnings:<\/strong><\/p>\n<ul>\n<li>Wandel der Arbeitswelt \u2013 vom Flie\u00dfband zum agilen Management<\/li>\n<li>Was ist F\u00fchrung?<\/li>\n<li>Reflexion der eigenen F\u00fchrungserfahrungen<\/li>\n<li>Welche Art von F\u00fchrung ist die \u201erichtige\u201c?<\/li>\n<li>Die Rolle von F\u00fchrungskr\u00e4ften in Teams<\/li>\n<li>Die F\u00fchrungskraft als Coach<\/li>\n<li>Flexibel und situativ f\u00fchren<\/li>\n<li>Das Thema Work-Life-Balance<\/li>\n<li>Mitarbeiter motivieren<\/li>\n<li>Umgang mit schwierigen Situationen und schwierigen Mitarbeitern<\/li>\n<\/ul>\n<p><strong>Dozent:<\/strong><br \/>\nHolger Wittlage<\/p>\n<p><strong>Methode:<\/strong><br \/>\nWorkshop<\/p>\n<p><strong>Dauer:<\/strong><br \/>\n2 Tage<br \/>\nFreitag 13.00 Uhr \u2013 17.00 Uhr<br \/>\nSamstag 10.00 Uhr \u2013 17.00 Uhr<\/p>\n<p><strong>Kosten:<\/strong><br \/>\n\u20ac 1.760,00<\/p>\n<p><strong>Teilnehmer*innen:<\/strong><br \/>\n3 \u2013 7 Personen<\/p>\n","protected":false},"excerpt":{"rendered":"<p>Unsere Arbeitswelt befindet sich in einem radikalen Wandel: Der Fachkr\u00e4ftemangel, die Anspruchshaltung einer neuen Arbeitnehmergeneration, immer mehr Arbeit in Projekten, teilweise auch mit dezentralen Teams, die Digitalisierung pr\u00e4gen den Alltag in Unternehmen. All dies erfordert eine neue F\u00fchrungskultur, die wir aber auch als Chance begreifen m\u00fcssen. Seminarziel: Sie sind in Ihrer F\u00fchrungsposition gefestigt und gestalten &hellip;<\/p>\n<p class=\"read-more\"> <a class=\"\" href=\"https:\/\/wissenunderfolg.de\/index.php\/events\/herausforderungen-fuer-fuehrungskraefte-in-der-neuen-arbeitswelt\/\"> <span class=\"screen-reader-text\">Herausforderungen f\u00fcr F\u00fchrungskr\u00e4fte in der \u201eneuen Arbeitswelt\u201c<\/span> Weiterlesen &raquo;<\/a><\/p>\n","protected":false},"author":1,"featured_media":1587,"comment_status":"closed","ping_status":"closed","template":"","tags":[],"mec_category":[16,6],"_links":{"self":[{"href":"https:\/\/wissenunderfolg.de\/index.php\/wp-json\/wp\/v2\/mec-events\/1586"}],"collection":[{"href":"https:\/\/wissenunderfolg.de\/index.php\/wp-json\/wp\/v2\/mec-events"}],"about":[{"href":"https:\/\/wissenunderfolg.de\/index.php\/wp-json\/wp\/v2\/types\/mec-events"}],"author":[{"embeddable":true,"href":"https:\/\/wissenunderfolg.de\/index.php\/wp-json\/wp\/v2\/users\/1"}],"replies":[{"embeddable":true,"href":"https:\/\/wissenunderfolg.de\/index.php\/wp-json\/wp\/v2\/comments?post=1586"}],"wp:featuredmedia":[{"embeddable":true,"href":"https:\/\/wissenunderfolg.de\/index.php\/wp-json\/wp\/v2\/media\/1587"}],"wp:attachment":[{"href":"https:\/\/wissenunderfolg.de\/index.php\/wp-json\/wp\/v2\/media?parent=1586"}],"wp:term":[{"taxonomy":"post_tag","embeddable":true,"href":"https:\/\/wissenunderfolg.de\/index.php\/wp-json\/wp\/v2\/tags?post=1586"},{"taxonomy":"mec_category","embeddable":true,"href":"https:\/\/wissenunderfolg.de\/index.php\/wp-json\/wp\/v2\/mec_category?post=1586"}],"curies":[{"name":"wp","href":"https:\/\/api.w.org\/{rel}","templated":true}]}}