{"id":1575,"date":"2021-03-30T19:27:51","date_gmt":"2021-03-30T18:27:51","guid":{"rendered":"https:\/\/wissenunderfolg.de\/?post_type=mec-events&#038;p=1575"},"modified":"2021-03-30T20:20:12","modified_gmt":"2021-03-30T19:20:12","slug":"das-eigene-wissen-erfassen-und-nutzen","status":"publish","type":"mec-events","link":"https:\/\/wissenunderfolg.de\/index.php\/events\/das-eigene-wissen-erfassen-und-nutzen\/","title":{"rendered":"Das eigene Wissen erfassen und nutzen"},"content":{"rendered":"<div class=\"wp-block-columns\">\n<div class=\"wp-block-column is-vertically-aligned-center\">\n<p class=\"has-text-align-left\">Im Laufe eines Ausbildungs- und Arbeitsverh\u00e4ltnisses gewinnt jede einzelne Person einen individuellen Erfahrungsschatz. Auf dieses implizite Wissen kann bei sich wiederholender T\u00e4tigkeit einfach zur\u00fcckgegriffen werden. Allerdings gelingt dies bei Spezialf\u00e4llen oder Anwendungen aus der Vergangenheit nicht immer. Wie pers\u00f6nliches Wissen strukturiert, gespeichert, anderen zur Verf\u00fcgung gestellt werden kann oder wie individuelle Wissensl\u00fccken aufgedeckt und geschlossen werden k\u00f6nnen, sind Bestandteile des pers\u00f6nlichen Wissensmanagements.<\/p>\n<\/div>\n<\/div>\n<p><strong>Seminarziel:<\/strong><br \/>\nNutzen Sie Ihre eigene Wissensressource um Ihre individuelle Entwicklung zu st\u00e4ken.<\/p>\n<p><strong>Learnings:<\/strong><\/p>\n<ul>\n<li>Das innere Team kennen und einsetzen.<\/li>\n<li>Auf den eigenen Erfahrungsschatz zugreifen.<\/li>\n<li>Pers\u00f6nliche Wissensl\u00fccken identifizieren und schlie\u00dfen.<\/li>\n<li>Eigenes Wissen an andere weitergeben.<\/li>\n<\/ul>\n<p><strong>Dozenten:<\/strong><br \/>\nMartina Koch<br \/>\nBerthold M\u00fchlenkamp<\/p>\n<p><strong>Methode:<\/strong><br \/>\nWorkshop<\/p>\n<p><strong>Dauer:<\/strong><br \/>\n2 Tage<br \/>\nFreitag 13.00 Uhr \u2013 17.00 Uhr<br \/>\nSamstag 10.00 Uhr \u2013 17.00 Uhr<\/p>\n<p><strong>Kosten:<\/strong><br \/>\n\u20ac 1.760,00<\/p>\n<p><strong>Teilnehmer*innen:<\/strong><br \/>\n3 \u2013 7 Personen<\/p>\n","protected":false},"excerpt":{"rendered":"<p>Im Laufe eines Ausbildungs- und Arbeitsverh\u00e4ltnisses gewinnt jede einzelne Person einen individuellen Erfahrungsschatz. Auf dieses implizite Wissen kann bei sich wiederholender T\u00e4tigkeit einfach zur\u00fcckgegriffen werden. Allerdings gelingt dies bei Spezialf\u00e4llen oder Anwendungen aus der Vergangenheit nicht immer. Wie pers\u00f6nliches Wissen strukturiert, gespeichert, anderen zur Verf\u00fcgung gestellt werden kann oder wie individuelle Wissensl\u00fccken aufgedeckt und geschlossen &hellip;<\/p>\n<p class=\"read-more\"> <a class=\"\" href=\"https:\/\/wissenunderfolg.de\/index.php\/events\/das-eigene-wissen-erfassen-und-nutzen\/\"> <span class=\"screen-reader-text\">Das eigene Wissen erfassen und nutzen<\/span> Weiterlesen &raquo;<\/a><\/p>\n","protected":false},"author":1,"featured_media":1576,"comment_status":"closed","ping_status":"closed","template":"","tags":[],"mec_category":[],"_links":{"self":[{"href":"https:\/\/wissenunderfolg.de\/index.php\/wp-json\/wp\/v2\/mec-events\/1575"}],"collection":[{"href":"https:\/\/wissenunderfolg.de\/index.php\/wp-json\/wp\/v2\/mec-events"}],"about":[{"href":"https:\/\/wissenunderfolg.de\/index.php\/wp-json\/wp\/v2\/types\/mec-events"}],"author":[{"embeddable":true,"href":"https:\/\/wissenunderfolg.de\/index.php\/wp-json\/wp\/v2\/users\/1"}],"replies":[{"embeddable":true,"href":"https:\/\/wissenunderfolg.de\/index.php\/wp-json\/wp\/v2\/comments?post=1575"}],"wp:featuredmedia":[{"embeddable":true,"href":"https:\/\/wissenunderfolg.de\/index.php\/wp-json\/wp\/v2\/media\/1576"}],"wp:attachment":[{"href":"https:\/\/wissenunderfolg.de\/index.php\/wp-json\/wp\/v2\/media?parent=1575"}],"wp:term":[{"taxonomy":"post_tag","embeddable":true,"href":"https:\/\/wissenunderfolg.de\/index.php\/wp-json\/wp\/v2\/tags?post=1575"},{"taxonomy":"mec_category","embeddable":true,"href":"https:\/\/wissenunderfolg.de\/index.php\/wp-json\/wp\/v2\/mec_category?post=1575"}],"curies":[{"name":"wp","href":"https:\/\/api.w.org\/{rel}","templated":true}]}}